{"id":1288,"date":"2023-05-26T09:21:17","date_gmt":"2023-05-26T09:21:17","guid":{"rendered":"https:\/\/www.areaexclusiva.es\/proyectos\/casa-calma-2\/"},"modified":"2026-02-24T11:57:06","modified_gmt":"2026-02-24T11:57:06","slug":"casa-calma-2","status":"publish","type":"proyectos","link":"https:\/\/www.areaexclusiva.es\/en\/proyectos\/casa-calma-2\/","title":{"rendered":"Casa Calma"},"content":{"rendered":"<p>Casa Calma es una vivienda de obra nueva, aislada con piscina.<\/p>\n<p>El dise\u00f1o de interiores de esta vivienda est\u00e1 inspirado en la calidez de la luz al atardecer, la brisa suave del mar y los tonos arenosos y suaves del Mediterr\u00e1neo.<\/p>\n<p>Ampliamos visualmente los espacios conect\u00e1ndolos a trav\u00e9s de la misma gama crom\u00e1tica que nos acompa\u00f1a y nos gu\u00eda en todas las estancias de la vivienda.<\/p>\n\n\n<p><\/p>\n","protected":false},"excerpt":{"rendered":"<p>Casa Calma es una vivienda de obra nueva, aislada con piscina. El dise\u00f1o de interiores de esta vivienda est\u00e1 inspirado en la calidez de la luz al atardecer, la brisa suave del mar y los tonos arenosos y suaves del Mediterr\u00e1neo. Ampliamos visualmente los espacios conect\u00e1ndolos a trav\u00e9s de la misma gama crom\u00e1tica que nos [&hellip;]<\/p>\n","protected":false},"featured_media":2019,"template":"","meta":[],"class_list":["post-1288","proyectos","type-proyectos","status-publish","has-post-thumbnail","hentry"],"_links":{"self":[{"href":"https:\/\/www.areaexclusiva.es\/en\/wp-json\/wp\/v2\/proyectos\/1288","targetHints":{"allow":["GET"]}}],"collection":[{"href":"https:\/\/www.areaexclusiva.es\/en\/wp-json\/wp\/v2\/proyectos"}],"about":[{"href":"https:\/\/www.areaexclusiva.es\/en\/wp-json\/wp\/v2\/types\/proyectos"}],"wp:featuredmedia":[{"embeddable":true,"href":"https:\/\/www.areaexclusiva.es\/en\/wp-json\/wp\/v2\/media\/2019"}],"wp:attachment":[{"href":"https:\/\/www.areaexclusiva.es\/en\/wp-json\/wp\/v2\/media?parent=1288"}],"curies":[{"name":"wp","href":"https:\/\/api.w.org\/{rel}","templated":true}]}}